{"id":23,"date":"2016-12-02T01:28:54","date_gmt":"2016-12-02T00:28:54","guid":{"rendered":"http:\/\/www.kneipp-garbsen.de\/?page_id=23"},"modified":"2017-02-20T21:10:09","modified_gmt":"2017-02-20T20:10:09","slug":"radtouren","status":"publish","type":"page","link":"https:\/\/www.kneipp-garbsen.de\/?page_id=23","title":{"rendered":"Radtouren"},"content":{"rendered":"<h2 id=\"tablepress-2-name\" class=\"tablepress-table-name tablepress-table-name-id-2\">Radtouren<\/h2>\n<span id=\"tablepress-2-description\" class=\"tablepress-table-description tablepress-table-description-id-2\">G\u00e4ste sind unter den gegebenen Umst\u00e4nden je nach aktueller Situation willkommen! Eine Einkehr ist in den meisten F\u00e4llen vorgesehen, aber nicht immer sicher. Deshalb ist eine eigene Verpflegung, insbesondere Getr\u00e4nke, sinnvoll.<br \/>\nLiebe Wanderfreunde und Radler! Bei Fragen und Hinweisen k\u00f6nnt Ihr Euch an die Wanderf\u00fchrer wenden. Ab sofort gilt, dass alle Teilnehmer sich bis 3 Tage vor der Wanderung oder Radtour bei dem betreffenden Wander- oder Radf\u00fchrer anmelden k\u00f6nnen. Bei einer Teilnehmerzahl unter vier findet keine Kneipp-Wander- oder Kneipp-Radtour statt. Es bleibt den Wanderf\u00fchrern nat\u00fcrlich unbenommen, trotzdem mit weniger Teilnehmern die Tour anzutreten. Dann l\u00e4uft das aber als private Veranstaltung.<br \/>\nHardy Wunder                05131 92295<br \/>\nManuela Lange:\t\t05131 5029020<br \/>\nManfred Bojahr:\t\t05131 1551<\/span>\n\n<table id=\"tablepress-2\" class=\"tablepress tablepress-id-2\" aria-labelledby=\"tablepress-2-name\" aria-describedby=\"tablepress-2-description\">\n<thead>\n<tr class=\"row-1\">\n\t<th class=\"column-1\">Datum \/ Uhrzeit<\/th><th class=\"column-2\">Treffpunkt<\/th><th class=\"column-3\">Ziel<\/th><th class=\"column-4\">Wanderf\u00fchrer<\/th>\n<\/tr>\n<\/thead>\n<tbody class=\"row-striping row-hover\">\n<tr class=\"row-2\">\n\t<td class=\"column-1\">26.04.2026 11:00<\/td><td class=\"column-2\">IGS, Meyenfelder Str.<\/td><td class=\"column-3\">Steinhude \u00fcber Horst, SchloRi, Wunstorf, Altensruh (48 km)<\/td><td class=\"column-4\">Manfred Bojahr<\/td>\n<\/tr>\n<tr class=\"row-3\">\n\t<td class=\"column-1\">29.04.2026 13:00<\/td><td class=\"column-2\">IGS, Meyenfelder Str.<\/td><td class=\"column-3\">MLK, Hainholz, Burg, Georgengarten<\/td><td class=\"column-4\">Manuela Lange<\/td>\n<\/tr>\n<tr class=\"row-4\">\n\t<td class=\"column-1\">03.05.2026 11:00<\/td><td class=\"column-2\">IGS,Meyenfelder Str.<\/td><td class=\"column-3\">Liethe \u00fcber Horst, Luthe zu \u201eWegeners Hof\u201c (43 km)<\/td><td class=\"column-4\">Manfred Bojahr<\/td>\n<\/tr>\n<tr class=\"row-5\">\n\t<td class=\"column-1\">06.05.2026 13:00<\/td><td class=\"column-2\">IGS, Meyenfelder Str.<\/td><td class=\"column-3\">Horst, SchloRi, Luthe ins Caf\u00e9 \u201eStorchennest\u201c (30 km)<\/td><td class=\"column-4\">Manuela Lange<\/td>\n<\/tr>\n<tr class=\"row-6\">\n\t<td class=\"column-1\">25.05.2026 11:00<\/td><td class=\"column-2\">M\u00f6bel Hesse<\/td><td class=\"column-3\">Bissendorf \u00fcber Flughafen, Maspe (47 km)<\/td><td class=\"column-4\">Manfred Bojahr<\/td>\n<\/tr>\n<tr class=\"row-7\">\n\t<td class=\"column-1\">31.05.2026 11:00<\/td><td class=\"column-2\">IGS, Meyenfelder Str.<\/td><td class=\"column-3\">Auf den Spuren des Radrings Garbsen (45 km)<\/td><td class=\"column-4\">Manuela Lange<\/td>\n<\/tr>\n<tr class=\"row-8\">\n\t<td class=\"column-1\">07.06.2025 11:00<\/td><td class=\"column-2\">IGS,Meyenfelder Str.<\/td><td class=\"column-3\">Haste \u00fcber Lohnde, MLK (40 km)<\/td><td class=\"column-4\">Manfred Bojahr<\/td>\n<\/tr>\n<tr class=\"row-9\">\n\t<td class=\"column-1\">17.06.2026 13:00<\/td><td class=\"column-2\">IGS,Meyenfelder Str.<\/td><td class=\"column-3\">Runde um Seelze, Altgarbsen, Lohnde, Kirchwehren, Almhorst, Seelze (30 km)<\/td><td class=\"column-4\">Manuela Lange<\/td>\n<\/tr>\n<tr class=\"row-10\">\n\t<td class=\"column-1\">21.06.2026 11:00<\/td><td class=\"column-2\">M\u00f6bel Hesse<\/td><td class=\"column-3\">Pattensen \u00fcber Hannover, Hemmingen (50 km)<\/td><td class=\"column-4\">Manfred Bojahr<\/td>\n<\/tr>\n<tr class=\"row-11\">\n\t<td class=\"column-1\">28.06.2026 11:00<\/td><td class=\"column-2\">M\u00f6bel Hesse<\/td><td class=\"column-3\">Schwarze Heide, MLK, Burg, Herrenhausen, Maschsee, Wettbergen, Empelde (45 km)<\/td><td class=\"column-4\">Manuela Lange<\/td>\n<\/tr>\n<tr class=\"row-12\">\n\t<td class=\"column-1\">05.07.2026 11:00<\/td><td class=\"column-2\">IGS,Meyenfelder Str.<\/td><td class=\"column-3\">Bad Nenndorf \u00fcber Lohnde, Kolenfeld (50 km)<\/td><td class=\"column-4\">Manfred Bojahr<\/td>\n<\/tr>\n<tr class=\"row-13\">\n\t<td class=\"column-1\">02.08.2026 11:00<\/td><td class=\"column-2\">IGS,Meyenfelder Str.<\/td><td class=\"column-3\">Wennigsen \u00fcber Lohnde, Almhorst (50 km)<\/td><td class=\"column-4\">Manfred Bojahr<\/td>\n<\/tr>\n<tr class=\"row-14\">\n\t<td class=\"column-1\">23.08.2026 11:00<\/td><td class=\"column-2\">M\u00f6bel Hesse<\/td><td class=\"column-3\">Hannover \u2013 Maschseerunde und Nebenstrassen (45 km)<\/td><td class=\"column-4\">Manfred Bojahr<\/td>\n<\/tr>\n<\/tbody>\n<\/table>\n<!-- #tablepress-2 from cache -->\n","protected":false},"excerpt":{"rendered":"Radtouren G\u00e4ste sind unter den gegebenen Umst\u00e4nden je nach aktueller Situation willkommen! Eine Einkehr ist in den meisten F\u00e4llen vorgesehen, aber nicht immer sicher. Deshalb ist eine eigene Verpflegung, insbesondere Getr\u00e4nke, sinnvoll. Liebe Wanderfreunde und Radler! Bei Fragen und Hinweisen k\u00f6nnt Ihr Euch an die Wanderf\u00fchrer wenden. Ab sofort gilt, dass alle Teilnehmer sich bis 3 Tage vor der Wanderung<span class=\"excerpt-hellip\"> [\u2026]<\/span>","protected":false},"author":1,"featured_media":0,"parent":10,"menu_order":0,"comment_status":"closed","ping_status":"closed","template":"","meta":{"jetpack_post_was_ever_published":false,"footnotes":""},"class_list":["post-23","page","type-page","status-publish","hentry"],"jetpack_sharing_enabled":true,"_links":{"self":[{"href":"https:\/\/www.kneipp-garbsen.de\/index.php?rest_route=\/wp\/v2\/pages\/23","targetHints":{"allow":["GET"]}}],"collection":[{"href":"https:\/\/www.kneipp-garbsen.de\/index.php?rest_route=\/wp\/v2\/pages"}],"about":[{"href":"https:\/\/www.kneipp-garbsen.de\/index.php?rest_route=\/wp\/v2\/types\/page"}],"author":[{"embeddable":true,"href":"https:\/\/www.kneipp-garbsen.de\/index.php?rest_route=\/wp\/v2\/users\/1"}],"replies":[{"embeddable":true,"href":"https:\/\/www.kneipp-garbsen.de\/index.php?rest_route=%2Fwp%2Fv2%2Fcomments&post=23"}],"version-history":[{"count":2,"href":"https:\/\/www.kneipp-garbsen.de\/index.php?rest_route=\/wp\/v2\/pages\/23\/revisions"}],"predecessor-version":[{"id":72,"href":"https:\/\/www.kneipp-garbsen.de\/index.php?rest_route=\/wp\/v2\/pages\/23\/revisions\/72"}],"up":[{"embeddable":true,"href":"https:\/\/www.kneipp-garbsen.de\/index.php?rest_route=\/wp\/v2\/pages\/10"}],"wp:attachment":[{"href":"https:\/\/www.kneipp-garbsen.de\/index.php?rest_route=%2Fwp%2Fv2%2Fmedia&parent=23"}],"curies":[{"name":"wp","href":"https:\/\/api.w.org\/{rel}","templated":true}]}}